{"id":8392,"date":"2023-05-09T08:56:40","date_gmt":"2023-05-09T08:56:40","guid":{"rendered":"https:\/\/pravri.uniri.hr\/?page_id=8392"},"modified":"2025-01-15T11:21:26","modified_gmt":"2025-01-15T11:21:26","slug":"institute-of-european-and-comparative-law","status":"publish","type":"page","link":"https:\/\/pravri.uniri.hr\/en\/about-us\/organizational-structure\/institutes\/institute-of-european-and-comparative-law\/","title":{"rendered":"Institute of European and Comparative Law"},"content":{"rendered":"<div class=\"wp-block-ub-content-toggle wp-block-ub-content-toggle-block\" id=\"ub-content-toggle-block-c8fd3e83-7193-4427-aea4-60b353ba9f6c\" data-mobilecollapse=\"false\" data-desktopcollapse=\"true\" data-preventcollapse=\"false\" data-showonlyone=\"false\">\n<div class=\"wp-block-ub-content-toggle-accordion\" style=\"border-color: #f1f1f1;\" id=\"ub-content-toggle-panel-block-\">\n\t\t\t<div class=\"wp-block-ub-content-toggle-accordion-title-wrap\" style=\"background-color: #f1f1f1;\" aria-controls=\"ub-content-toggle-panel-0-c8fd3e83-7193-4427-aea4-60b353ba9f6c\" tabindex=\"0\">\n\t\t\t<p class=\"wp-block-ub-content-toggle-accordion-title ub-content-toggle-title-c8fd3e83-7193-4427-aea4-60b353ba9f6c\" style=\"color: #000000; \">About the Institute<\/p>\n\t\t\t<div class=\"wp-block-ub-content-toggle-accordion-toggle-wrap right\" style=\"color: #000000;\"><span class=\"wp-block-ub-content-toggle-accordion-state-indicator wp-block-ub-chevron-down\"><\/span><\/div>\n\t\t<\/div>\n\t\t\t<div role=\"region\" aria-expanded=\"false\" class=\"wp-block-ub-content-toggle-accordion-content-wrap ub-hide\" id=\"ub-content-toggle-panel-0-c8fd3e83-7193-4427-aea4-60b353ba9f6c\">\n\n<p>The Institute of European and Comparative Law (IECL-ZEUP) was established in 2002, in the context of preparing the Croatian legal system for accession to the European Union and the globalization process that increasingly affects this region. The establishment of this Department was supported by EU funds within the framework of the Tempus project no. IB_JEP-17071-2002, which laid the foundations for its future activities, with the primary goals of scientific research, teaching and disseminating knowledge in the field of European and comparative law. IECL-ZEUP&#8217;s commitment to achieving these goals is reflected in the activities it supports and implements, including publications, scientific and professional research projects, summer schools, postgraduate studies, lifelong learning programs and the preparation of legal opinions and information on foreign law.<\/p>\n\n\n\n<p>The greatest strength of IECL-ZEUP lies in its team of skilled and dedicated members and associates, led by the honorary head, Prof. Dr. Vesna Tomljenovi\u0107, who not only headed the Government working group during the EU accession negotiations but is also the first Croatian judge (currently serving a second term) at the General Court of the EU. Other members of the Institute are recognized experts in European private law and other fields, and are regularly engaged in various research and educational activities at both the national and international levels.<\/p>\n\n\n\n<p>Members of IECL-ZEUP teach courses in European and comparative law that are part of the curriculum of the Faculty of Law in Rijeka and other institutions in Croatia and abroad. The Faculty of Law in Rijeka was the first in Croatia to introduce a course on European law in the law program and remains unique in Croatia for offering two mandatory legal courses in the field of European law: European Law I (the public legal framework of the EU) and European Law II (the private legal framework of the EU). The IECL-ZEUP was also the first to introduce the postgraduate study programme Law of European Integration in 2001.<\/p>\n\n<\/div>\n\t\t<\/div>\n\n<div class=\"wp-block-ub-content-toggle-accordion\" style=\"border-color: #f1f1f1;\" id=\"ub-content-toggle-panel-block-\">\n\t\t\t<div class=\"wp-block-ub-content-toggle-accordion-title-wrap\" style=\"background-color: #f1f1f1;\" aria-controls=\"ub-content-toggle-panel-1-c8fd3e83-7193-4427-aea4-60b353ba9f6c\" tabindex=\"0\">\n\t\t\t<p class=\"wp-block-ub-content-toggle-accordion-title ub-content-toggle-title-c8fd3e83-7193-4427-aea4-60b353ba9f6c\" style=\"color: #000000; \">Main Activities<\/p>\n\t\t\t<div class=\"wp-block-ub-content-toggle-accordion-toggle-wrap right\" style=\"color: #000000;\"><span class=\"wp-block-ub-content-toggle-accordion-state-indicator wp-block-ub-chevron-down\"><\/span><\/div>\n\t\t<\/div>\n\t\t\t<div role=\"region\" aria-expanded=\"false\" class=\"wp-block-ub-content-toggle-accordion-content-wrap ub-hide\" id=\"ub-content-toggle-panel-1-c8fd3e83-7193-4427-aea4-60b353ba9f6c\">\n<div class=\"wp-block-ub-content-toggle wp-block-ub-content-toggle-block\" id=\"ub-content-toggle-block-5c12580e-7f01-4993-9186-8cfe25c4fd69\" data-mobilecollapse=\"false\" data-desktopcollapse=\"true\" data-preventcollapse=\"false\" data-showonlyone=\"false\">\n<div class=\"wp-block-ub-content-toggle-accordion\" style=\"border-color: #f1f1f1;\" id=\"ub-content-toggle-panel-block-\">\n\t\t\t<div class=\"wp-block-ub-content-toggle-accordion-title-wrap\" style=\"background-color: #f1f1f1;\" aria-controls=\"ub-content-toggle-panel-0-5c12580e-7f01-4993-9186-8cfe25c4fd69\" tabindex=\"0\">\n\t\t\t<p class=\"wp-block-ub-content-toggle-accordion-title ub-content-toggle-title-5c12580e-7f01-4993-9186-8cfe25c4fd69\" style=\"color: #000000; \">Publications<\/p>\n\t\t\t<div class=\"wp-block-ub-content-toggle-accordion-toggle-wrap right\" style=\"color: #000000;\"><span class=\"wp-block-ub-content-toggle-accordion-state-indicator wp-block-ub-chevron-down\"><\/span><\/div>\n\t\t<\/div>\n\t\t\t<div role=\"region\" aria-expanded=\"false\" class=\"wp-block-ub-content-toggle-accordion-content-wrap ub-hide\" id=\"ub-content-toggle-panel-0-5c12580e-7f01-4993-9186-8cfe25c4fd69\">\n\n<p>The IECL-ZEUP members are active in scientific and professional research and have published large number of papers, including three recent books:<\/p>\n\n\n\n<ol class=\"wp-block-list\">\n<li>Pravo tr\u017ei\u0161nog natjecanja i dr\u017eavnih potpora, Pravni fakultet Sveu\u010dili\u0161ta u Zagrebu, 2021.<\/li>\n\n\n\n<li>Europsko privatno pravo, Op\u0107i dio, \u0160kolska knjiga, 2019.<\/li>\n\n\n\n<li>Europsko privatno pravo, Posebni dio, \u0160kolska knjige, 2021.<\/li>\n<\/ol>\n\n<\/div>\n\t\t<\/div>\n\n<div class=\"wp-block-ub-content-toggle-accordion\" style=\"border-color: #f1f1f1;\" id=\"ub-content-toggle-panel-block-\">\n\t\t\t<div class=\"wp-block-ub-content-toggle-accordion-title-wrap\" style=\"background-color: #f1f1f1;\" aria-controls=\"ub-content-toggle-panel-1-5c12580e-7f01-4993-9186-8cfe25c4fd69\" tabindex=\"0\">\n\t\t\t<p class=\"wp-block-ub-content-toggle-accordion-title ub-content-toggle-title-5c12580e-7f01-4993-9186-8cfe25c4fd69\" style=\"color: #000000; \">Organization of Conferences<\/p>\n\t\t\t<div class=\"wp-block-ub-content-toggle-accordion-toggle-wrap right\" style=\"color: #000000;\"><span class=\"wp-block-ub-content-toggle-accordion-state-indicator wp-block-ub-chevron-down\"><\/span><\/div>\n\t\t<\/div>\n\t\t\t<div role=\"region\" aria-expanded=\"false\" class=\"wp-block-ub-content-toggle-accordion-content-wrap ub-hide\" id=\"ub-content-toggle-panel-1-5c12580e-7f01-4993-9186-8cfe25c4fd69\">\n\n<p>Among the most significant activities of IECL-ZEUP is the organization of conferences, the most important of which is a series of international scientific conferences dedicated to Professor Petar \u0160ar\u010devi\u0107, initiated by IECL-ZEUP in 2009 and held biannually. So far, we have organised eight such conferences in different venues on Croatia:<\/p>\n\n\n\n<ol reversed start=\"8\" class=\"wp-block-list\">\n<li><strong>International Scientific Conference Petar \u0160ar\u010devi\u0107 &#8220;Cultural Heritage and Legal Regulation: From Global Aspirations to Local Challenges&#8221;<\/strong>, 5-6 October 2023, Rijeka. The conference program is available at:<a href=\"https:\/\/ps8conference.law.hr\/storage\/documents\/PS8-programme%202023-10-03.pdf\"> PS8 Program<\/a><\/li>\n\n\n\n<li><strong>International Scientific Conference Petar \u0160ar\u010devi\u0107 &#8220;Consumer Protection in Transition: Digital Transformation and Better Enforcement&#8221;<\/strong>, 23-25 October 2021, Opatija. The conference program is available at:<a href=\"https:\/\/ps7.pravri.uniri.hr\/program\/\"> PS7 Program<\/a><\/li>\n\n\n\n<li><strong>International Scientific Conference Petar \u0160ar\u010devi\u0107 &#8220;Intellectual Property Law in the EU: Towards Digitalization&#8221;<\/strong>, 18-19 October, Zagreb. The conference program is available at:<a href=\"https:\/\/ps6konferencija.law.hr\/programme\/\"> PS6 Program<\/a><\/li>\n\n\n\n<li><strong>International Scientific Conference Petar \u0160ar\u010devi\u0107 &#8220;Information and Data: A Glimpse into the Future&#8221;<\/strong>, 6-7 October\u00a0 2017, Opatija. The conference program is available at:<a href=\"http:\/\/ps5conference.law.hr\/\"> PS5 Program<\/a><\/li>\n\n\n\n<li><strong>International Scientific Conference Petar \u0160ar\u010devi\u0107 &#8220;EU Competition Rules and State Aid: The Relationship between Public and Private Enforcement&#8221;<\/strong>, 9-10 April 2015, Rovinj. The conference program is available at:<a href=\"http:\/\/ps4konferencija.law.hr\/\"> PS4 Program<\/a><\/li>\n\n\n\n<li><strong>International Scientific Conference Petar \u0160ar\u010devi\u0107 &#8220;Family and Children: European Expectations and National Reality&#8221;<\/strong>, 20-21 September 2013, Opatija. The conference program is available at:<a href=\"https:\/\/www.pravri.uniri.hr\/files\/savjetovanja\/ProgramSarcevic03.pdf\"> PS3 Program<\/a><\/li>\n\n\n\n<li><strong>International Scientific Conference Petar \u0160ar\u010devi\u0107 &#8220;Resolving International Maritime Disputes within the European and International Legal Framework&#8221;<\/strong>, 2-3 June 2011, Brijuni. The conference program is available at:<a href=\"https:\/\/ps7.pravri.uniri.hr\/wp-content\/uploads\/2017\/06\/PS2-Konferencija-Program.pdf\"> PS2 Program<\/a><\/li>\n\n\n\n<li><strong>International Scientific Conference Petar \u0160ar\u010devi\u0107 &#8220;Regulation Brussels I: Challenges for Croatian Judiciary&#8221;<\/strong>, 13-14 November 2009, Opatija. The conference program is available at:<a href=\"https:\/\/www.pravri.uniri.hr\/files\/savjetovanja\/Program.pdf\"> PS1 Program<\/a><\/li>\n<\/ol>\n\n<\/div>\n\t\t<\/div>\n\n<div class=\"wp-block-ub-content-toggle-accordion\" style=\"border-color: #f1f1f1;\" id=\"ub-content-toggle-panel-block-\">\n\t\t\t<div class=\"wp-block-ub-content-toggle-accordion-title-wrap\" style=\"background-color: #f1f1f1;\" aria-controls=\"ub-content-toggle-panel-2-5c12580e-7f01-4993-9186-8cfe25c4fd69\" tabindex=\"0\">\n\t\t\t<p class=\"wp-block-ub-content-toggle-accordion-title ub-content-toggle-title-5c12580e-7f01-4993-9186-8cfe25c4fd69\" style=\"color: #000000; \">Legal Opinions and Content of Foreign Law<\/p>\n\t\t\t<div class=\"wp-block-ub-content-toggle-accordion-toggle-wrap right\" style=\"color: #000000;\"><span class=\"wp-block-ub-content-toggle-accordion-state-indicator wp-block-ub-chevron-down\"><\/span><\/div>\n\t\t<\/div>\n\t\t\t<div role=\"region\" aria-expanded=\"false\" class=\"wp-block-ub-content-toggle-accordion-content-wrap ub-hide\" id=\"ub-content-toggle-panel-2-5c12580e-7f01-4993-9186-8cfe25c4fd69\">\n\n<p>The IECL-ZEUP members are recognized as top experts in their fields and have been invited to prepare legal opinions:<\/p>\n\n\n\n<ul class=\"wp-block-list\">\n<li>Supporting the State Attorney\u2019s Office (regarding arbitration proceedings against the Republic of Croatia in connection with lawsuits from banks related to contracts in Swiss francs)<\/li>\n\n\n\n<li>Supporting the Government of the Republic of Croatia (in matters concerning consumer contracts in Swiss francs and in the INA-MOL cases)<\/li>\n\n\n\n<li>Supporting various legal entities \u2013 public or private law entities (in the fields of competition law, intellectual property law, international private law, arbitration law, etc.)<\/li>\n<\/ul>\n\n\n\n<p>In addition, members of the IECL-ZEUP prepare documents regarding the content of foreign law at the request of the Croatian courts (for example, the Municipal Court in Rijeka, the Municipal Court in Pazin, and the Municipal Court in Pula) in accordance with the Croatian Private International Law Act.<\/p>\n\n<\/div>\n\t\t<\/div>\n\n<div class=\"wp-block-ub-content-toggle-accordion\" style=\"border-color: #f1f1f1;\" id=\"ub-content-toggle-panel-block-\">\n\t\t\t<div class=\"wp-block-ub-content-toggle-accordion-title-wrap\" style=\"background-color: #f1f1f1;\" aria-controls=\"ub-content-toggle-panel-3-5c12580e-7f01-4993-9186-8cfe25c4fd69\" tabindex=\"0\">\n\t\t\t<p class=\"wp-block-ub-content-toggle-accordion-title ub-content-toggle-title-5c12580e-7f01-4993-9186-8cfe25c4fd69\" style=\"color: #000000; \">Projects<\/p>\n\t\t\t<div class=\"wp-block-ub-content-toggle-accordion-toggle-wrap right\" style=\"color: #000000;\"><span class=\"wp-block-ub-content-toggle-accordion-state-indicator wp-block-ub-chevron-down\"><\/span><\/div>\n\t\t<\/div>\n\t\t\t<div role=\"region\" aria-expanded=\"false\" class=\"wp-block-ub-content-toggle-accordion-content-wrap ub-hide\" id=\"ub-content-toggle-panel-3-5c12580e-7f01-4993-9186-8cfe25c4fd69\">\n\n<p>IECL-ZEUP has participated in numerous international and domestic scientific and professional research projects. The most notable are competitive scientific projects funded under the EU Justice program:<\/p>\n\n\n\n<ol class=\"wp-block-list\">\n<li><strong>\u201cDigital Communication and Safeguarding the Parties\u2019 Rights: Challenges for European Civil Procedure \u2013 DIGI-GUARD\u201d<\/strong><a href=\"https:\/\/www.pf.um.si\/en\/acj\/projects\/pr10-digi-guard\/\"><strong> <\/strong>Link<\/a><\/li>\n\n\n\n<li><strong>\u201cEU-FamPro (E-training on EU Family Property Regimes)\u201d<\/strong> (No. 101008404\u2014 JUST-AG-2020 \/JUST-JTRA-EJTR-AG-2020)<a href=\"https:\/\/www.euro-family.eu\/\"> Link<\/a><\/li>\n\n\n\n<li><strong>\u201cTrain to enforce \/ Usavr\u0161avaj da bi ovr\u0161avao \u2013 Train2 EN4CE\u201d<\/strong> (No. 854038-JUST-AG-2018\/JUST-JTRA-EJTR-AG-2018)<a href=\"https:\/\/pf.um.si\/en\/acj\/projects\/pr10-train2en4ce\/\"> Link<\/a><\/li>\n\n\n\n<li><strong>\u201cDiversity of Enforcement Titles in Cross-Border Debt Collection in the EU \/ Razli\u010ditost ovr\u0161nih naslova u prekograni\u010dnoj prisilnoj naplati u EU-u\u2013 EU_En4s\u201d<\/strong><a href=\"https:\/\/www.pf.um.si\/en\/acj\/projects\/pr09-eu-en4s\/\"><strong> <\/strong>Link<\/a><\/li>\n\n\n\n<li><strong>\u201cFacilitating Cross-Border Family Life: Towards a Common European Understanding \u2013 EUFams II\u201d<\/strong> (EU Justice No. 800780-JUST-AG-2017\/JUST-JCOO-AG_2017)<a href=\"http:\/\/www2.ipr.uni-heidelberg.de\/eufams\/index.php?lang=en\"> Link<\/a><\/li>\n\n\n\n<li><strong>\u201cPersonalized Solution in European Family and Succession Law \/ Personalizirana rje\u0161enja u europskom obiteljskom i nasljednom pravu \u2013 PSEFS\u201d<\/strong> (No. 800821-JUST-AG-2017\/JUST-JCOO-AG-2017)<a href=\"https:\/\/psfes.euro-family.eu\/\"> Link<\/a><\/li>\n\n\n\n<li><strong>\u201cRemedies concerning Enforcement of Foreign Judgements according to Brussels I Recast \u2013 BIARE\u201d<\/strong> (No. JUST\/2014\/JCOO\/AG\/CIVI\/7749)<a href=\"https:\/\/www.pf.um.si\/en\/acj\/projects\/pr04\/\"> Link<\/a><\/li>\n\n\n\n<li><strong>\u201cEU Judiciary Training on Brussels IIa Regulation: From South to East\u201d<\/strong> (No. JUST\/2014\/JTRA\/AG\/EJTR\/6854)<a href=\"https:\/\/www.pravri.uniri.hr\/hr\/znanost\/znanstvenoistrazivacki-projekti\/85-hr\/znanost\/projekti\/1055-eu-2.html\"> Link<\/a><\/li>\n\n\n\n<li><strong>\u201cBusiness and Human Rights Challenges for Cross-Border Litigation in the European Union 2014-2016\u201d<\/strong> (No. JUST\/2013\/JCIV\/AG\/4661)<a href=\"https:\/\/www.pravri.uniri.hr\/hr\/znanost\/znanstvenoistrazivacki-projekti\/85-hr\/znanost\/projekti\/993-eu-1.html\"> Link<\/a><\/li>\n<\/ol>\n\n\n\n<p>Members of the IACL-ZEUP are also part of research teams for other international scientific research projects:<\/p>\n\n\n\n<ol class=\"wp-block-list\">\n<li> <strong>\u201cProperty Rights System over Tangible Goods in the Field of European Private International Law: Aspects of International Jurisdiction and Applicable Law\u201d<\/strong> (PID2020-112609GB-I0)<a href=\"https:\/\/www.dret-privat.urv.cat\/ca\/jornades-congressos\/i-jornada-internacional-sobre-drets-reals-en-la-ue\/\"> Link<\/a><\/li>\n\n\n\n<li><strong>\u201cECPE \u2013 Enabling consumer to become prosumer in the energy transition era\u201d<\/strong><a href=\"https:\/\/ecpe.unicam.it\/en\/\"> Link<\/a><\/li>\n\n\n\n<li><strong>\u201cSouth And East European Competition Law Center of Excellence, Competition Law COE \u2013 GAP-101047803, Call: ERASMUS-JMO-2021-HEI-TCH-RSCH\u201d<\/strong> from 2022-2025<\/li>\n<\/ol>\n\n\n\n<p>Members of IECL-ZEUP have also participated in domestic scientific projects:<\/p>\n\n\n\n<ol class=\"wp-block-list\">\n<li><strong>HRZZ project<\/strong> \u201cProject for the Career Development of Young Researchers \u2013 Training New Doctors of Science\u201d (DOK-01-2020)<a href=\"https:\/\/hrzz.hr\/mladi-istrazivaci\/razvoj-karijera-mladih-istrazivaca\/\"> Link<\/a><\/li>\n\n\n\n<li><strong>HRZZ project<\/strong> \u201cLegal Aspects of Corporate Acquisitions and Corporate Restructuring Based on Knowledge\u201d<a href=\"https:\/\/www.croatiamergers.eu\/\"> Link<\/a><\/li>\n\n\n\n<li><strong>Ministry of Science, Education, and Sports project<\/strong> \u201cMechanisms for Efficient Resolution of Domestic and International Consumer Disputes\u201d<a href=\"https:\/\/www.bib.irb.hr\/pregled\/projekti\/115-1151212-2638?sif_proj=115-1151212-2638\"> Link<\/a><\/li>\n\n\n\n<li><strong>University of Rijeka (UNIRI) support project<\/strong> \u201cEffective Regulation of the Digital Market as an Incentive for Innovation in the ICT Sector\u201d<\/li>\n\n\n\n<li><strong>University of Rijeka (UNIRI) support project<\/strong> \u201cHarmonization, Interpretation, and Implementation of Croatian Private Law in Accordance with EU Law\u201d<\/li>\n\n\n\n<li><strong>University of Rijeka (UNIRI) support project<\/strong> \u201cConsumer Protection in the Croatian and European Financial Services Market\u201d<a href=\"https:\/\/www.pravri.uniri.hr\/hr\/znanost\/znanstvenoistrazivacki-projekti\/85-hr\/znanost\/projekti\/578-zastita-korisnika-na-hrvatskom-i-europskom-trzistu-financijskih-usluga.html\"> Link<\/a><\/li>\n<\/ol>\n\n\n\n<p>Members of IECL-ZEUP have also been invited to international scientific clusters and research groups, including:<\/p>\n\n\n\n<ol class=\"wp-block-list\">\n<li><strong>\u201cSouth and East European Talks on Copyright Law\u201d<\/strong><\/li>\n\n\n\n<li><strong>\u201cRule of Law and the ECtHR: Comparative Perspectives from South-Eastern Europe\u201d<\/strong><a href=\"https:\/\/www.dg.unito.it\/do\/avvisi.pl\/ShowFile?_id=zncg;field=allegato;key=CwPPjpmeKZ67MU2Dh9E9NI5LeLiT5LCXA;t=2850\"><strong> <\/strong>Link<\/a><\/li>\n\n\n\n<li><strong>\u201cTransformation of Consumer Law\u201d<\/strong><a href=\"https:\/\/warwick.ac.uk\/fac\/soc\/law\/news\/newsItem=8a1785d780466570018047458d4d0326\"><strong> <\/strong>Link<\/a><\/li>\n\n\n\n<li><strong>\u201cCovid-19 Consumer Law Research Group\u201d<\/strong><a href=\"https:\/\/repository.pravri.uniri.hr\/islandora\/object\/pravri%3A2310\/datastream\/FILE0\/view\"><strong> <\/strong>Link<\/a><\/li>\n\n\n\n<li><strong>\u201cILA Committee on Intellectual Property and Private International Law\u201d<\/strong><a href=\"https:\/\/www.jipitec.eu\/issues\/jipitec-12-1-2021\"> Link<\/a><\/li>\n\n\n\n<li><strong>\u201cCentre for Private International Law and Transnational Governance, University of Aberdeen\u201d<\/strong><a href=\"https:\/\/www.abdn.ac.uk\/law\/research\/centres\/cpil\/\"><strong> <\/strong>Link<\/a><\/li>\n<\/ol>\n\n<\/div>\n\t\t<\/div>\n<\/div>\n<\/div>\n\t\t<\/div>\n<\/div>","protected":false},"excerpt":{"rendered":"","protected":false},"author":4,"featured_media":7419,"parent":8385,"menu_order":3,"comment_status":"closed","ping_status":"closed","template":"","meta":{"_acf_changed":false,"ub_ctt_via":"","footnotes":""},"class_list":["post-8392","page","type-page","status-publish","has-post-thumbnail","hentry"],"acf":[],"featured_image_src":"https:\/\/pravri.uniri.hr\/wp-content\/uploads\/2024\/09\/o-fakultetu.jpg","_links":{"self":[{"href":"https:\/\/pravri.uniri.hr\/en\/wp-json\/wp\/v2\/pages\/8392","targetHints":{"allow":["GET"]}}],"collection":[{"href":"https:\/\/pravri.uniri.hr\/en\/wp-json\/wp\/v2\/pages"}],"about":[{"href":"https:\/\/pravri.uniri.hr\/en\/wp-json\/wp\/v2\/types\/page"}],"author":[{"embeddable":true,"href":"https:\/\/pravri.uniri.hr\/en\/wp-json\/wp\/v2\/users\/4"}],"replies":[{"embeddable":true,"href":"https:\/\/pravri.uniri.hr\/en\/wp-json\/wp\/v2\/comments?post=8392"}],"version-history":[{"count":2,"href":"https:\/\/pravri.uniri.hr\/en\/wp-json\/wp\/v2\/pages\/8392\/revisions"}],"predecessor-version":[{"id":8677,"href":"https:\/\/pravri.uniri.hr\/en\/wp-json\/wp\/v2\/pages\/8392\/revisions\/8677"}],"up":[{"embeddable":true,"href":"https:\/\/pravri.uniri.hr\/en\/wp-json\/wp\/v2\/pages\/8385"}],"wp:featuredmedia":[{"embeddable":true,"href":"https:\/\/pravri.uniri.hr\/en\/wp-json\/wp\/v2\/media\/7419"}],"wp:attachment":[{"href":"https:\/\/pravri.uniri.hr\/en\/wp-json\/wp\/v2\/media?parent=8392"}],"curies":[{"name":"wp","href":"https:\/\/api.w.org\/{rel}","templated":true}]}}